{"type":"video","version":"1.0","provider_name":"Network.hu","provider_url":"http:\/\/network.hu\/","title":"Keresztre fesz\u00edtve.Sz\u00f3zattal-zene k\u00eds\u00e9rettel","author_name":"eanna44","author_url":"http:\/\/network.hu\/eanna44","html":"&lt;object width=&quot;424&quot; height=&quot;345&quot;&gt;&lt;param name=&quot;movie&quot; value=&quot;http:\/\/szentkaracsony.network.hu\/flash\/videoplayer\/video.swf?videoid=605329&amp;amp;pvol=40&amp;amp;plang=hu&amp;amp;host=http:\/\/szentkaracsony.network.hu&quot; \/&gt;&lt;param name=&quot;allowscriptaccess&quot; value=&quot;always&quot; \/&gt;&lt;param name=&quot;allowfullscreen&quot; value=&quot;true&quot; \/&gt;&lt;embed src=&quot;http:\/\/szentkaracsony.network.hu\/flash\/videoplayer\/video.swf?videoid=605329&amp;amp;pvol=40&amp;amp;plang=hu&amp;amp;host=http:\/\/szentkaracsony.network.hu&quot; width=&quot;424&quot; height=&quot;345&quot; allowscriptaccess=&quot;always&quot; allowfullscreen=&quot;true&quot; \/&gt;&lt;\/object&gt;","width":424,"height":345,"description":"Keresztre fesz\u00edtve\r\n\r\nMint M\u00e1ria,j\u00e9zus anyja\r\nFia fej\u00e9t \u00f6l\u00e9be tartja\r\n\u00dagy \u00f6lelte gyermek\u00e9t\r\nKi nem volt t\u00f6bb csak tizenh\u00e9t\r\nNem volt b\u0171ne m\u00e1s\r\nCsak csod\u00e1ra v\u00e1rva \u00e9nekelt\r\nSz\u00f3zatot \u00e9nekelte\r\nHogy haz\u00e1dnak,hogy rend\u00fcletlen\u00fcl\r\nMagyar!!!!\r\nGoly\u00f3sz\u00f3r\u00f3 t\u00fcze villogott\r\nElford\u00edtotta a napot\r\nNem akart m\u00e1st,csak hull\u00f3 csillagot\r\nGyermek volt, di\u00e1k\r\nAlig hagyta el az iskol\u00e1t\r\nS anyja sirathatta fi\u00e1t\r\nKereszten loboghat m\u00e1r a lepel\r\nHullhatnak a csillagok\r\nH\u0151s\u00f6k sz\u00edve m\u00e1r nem dobban\r\nAz \u00e9l\u0151knek utat mutatott\r\nS a t\u00e9ren,mikor elj\u00f6n az est\r\nL\u00e1gy szell\u0151 lengedez\r\nGyerty\u00e1k f\u00e9nye lobban\r\nS meghajlik a kereszt\r\n\u00dcres m\u00e1r a kereszt\r\nM\u00e1rv\u00e1ny \u0151rzi eml\u00e9k\u00fcket\r\nHalkan s\u00edrnak,zokognak az any\u00e1k\r\nS nincs,ki let\u00f6rli k\u00f6nnyeiket\r\n\r\n2OO6.10.26.Mosonmagyar\u00f3v\u00e1r\r\n\u201eSort\u0171z \u00e1ldozatai eml\u00e9k\u00e9re\u201d\r\nD\u00e1ma Lovag Erd\u0151s Anna\r\n","thumbnail_url":"http:\/\/vds.network.hu\/clubvideo\/6\/5\/_\/605329_78051_4.jpg","thumbnail_width":80,"thumbnail_height":60,"video_id":"605329"}